{"id":3162,"date":"2025-07-15T10:39:58","date_gmt":"2025-07-15T10:39:58","guid":{"rendered":"https:\/\/bambinos.pt\/?post_type=product&#038;p=3162"},"modified":"2025-07-24T10:27:16","modified_gmt":"2025-07-24T10:27:16","slug":"trio-bebecar-minipop","status":"publish","type":"product","link":"https:\/\/bambinos.pt\/en\/loja\/trio-bebecar-minipop\/","title":{"rendered":"Trio B\u00e9b\u00e9car Minipop"},"content":{"rendered":"<p>O Trio Bebecar Minipop inclui o Chassis + Alcofa Light + Assento + Cadeira Auto Easymaxi Isize.<\/p>\n<p>&nbsp;<\/p>","protected":false},"excerpt":{"rendered":"<p><strong>Assento com encosto perfurado<\/strong><\/p>\n<p>O encosto proporciona suporte adequado \u00e0s costas, coma sua estrutura perfurada que garante uma \u00f3tima respirabilidade. Desta forma o beb\u00e9 poder\u00e1 desfrutar de passeios confort\u00e1veis e seguros, garantindo o seu bem-estar em todos os momentos.<\/p>\n<p><strong>Assento anat\u00f3mico<\/strong><\/p>\n<p>Desenvolvido para oferecer conforto e promover uma postura saud\u00e1vel que favore\u00e7a o crescimento do beb\u00e9.<\/p>\n<p><strong>Encosto reclin\u00e1vel\u00a0<\/strong><\/p>\n<p>Reclin\u00e1vel at\u00e9 \u00e0 posi\u00e7\u00e3o horizontal, com pousa-p\u00e9s regul\u00e1vel em 3 posi\u00e7\u00f5es. A capota extens\u00edvel ajusta-se ao encosto quando este est\u00e1 na posi\u00e7\u00e3o horizontal.<\/p>\n<p><strong>Assento revers\u00edvel<\/strong><\/p>\n<p>O beb\u00e9 pode passear virado para os pais mantendo o contacto visual, especialmente necess\u00e1rio nos seus primeiros meses de vida. \u00e0 medida que o beb\u00e9 cresce, o assento pode ser virado para a frente.<\/p>\n<p><strong>Assento extra-acolchoado<\/strong><\/p>\n<p>A sua amplitude e acolchoado excecional proporcionam o m\u00e1ximo bem-estar ao beb\u00e9 nas suas diferentes etapas.<\/p>\n<p><strong>F\u00e1cil de abrir e fechar<\/strong><\/p>\n<p>Inclusive com o assento e a capota encaixados em ambos os sentidos. O seu fecho ultra-compacto adapta-se ao seu ritmo e necessidades sem esfor\u00e7o.<\/p>\n<p><strong>Rolamentos e suspens\u00e3o<\/strong><\/p>\n<p>Conduz-se e gira com uma s\u00f3 m\u00e3o por todo o tipo de terrenos gra\u00e7as \u00e0s suas rodas com rolamentos e suspens\u00e3o nas quatro rodas.<\/p>\n<p><strong>Casquilhos auto-lubrificados<\/strong><\/p>\n<p>As rodas dianteiras s\u00e3o girat\u00f3rias e disp\u00f5em de casquilhos auto-lubrificados e rolamentos para facilitar a condu\u00e7\u00e3o.<\/p>\n<p><strong>Di\u00e2metro de rodas ideal\u00a0<\/strong><\/p>\n<p>Desenhadas para um passeio \u00e1gil, facilitam a a\u00e7\u00e3o de descer ou subir escadas e absorvem os solavancos, desniveis e irregularidades das superf\u00edcies.<\/p>\n<p><strong>Ultra Compacto e leve<\/strong><\/p>\n<p>Apenas 54cm de largura, e +pesa 7.5kg (chassis com cesto).<br \/>\nTodas as rodas s\u00e3o facilmente extra\u00edveis.<\/p>\n<p><strong>Capota extens\u00edvel com janela em rede e prote\u00e7\u00e3o UPF50+.\u00a0<\/strong><\/p>\n<p><strong>Bra\u00e7o de Seguran\u00e7a forrado a ecopele.\u00a0<\/strong><\/p>\n<p><strong>Tecidos ecopele<\/strong><\/p>\n<p>O assento \u00e9 confeccionado em tecido hipoalerg\u00e9nico, que evita irrita\u00e7\u00f5es ou alergias. O acolchoado macio e fofo, oferece o conforto ideal necess\u00e1rio para o beb\u00e9.<br \/>\nOs seus detalhes em ecopele de alta qualidade conferem-lhe eleg\u00e2ncia e al\u00e9m disso, o seu encosto perfurado oferece uma excelente respirabilidade.<\/p>\n<p>ALCOFA<\/p>\n<p><strong>Eleg\u00e2ncia e Comodidade em todos os detalhes\u00a0<\/strong><\/p>\n<p>A alcofa transforma-se numa acolhedora mini-cama, gra\u00e7as \u00e0 sua estrutura macia (isenta de pl\u00e1sticos), ao seu tecido suave e respir\u00e1vel e \u00e0 sua base em madeira reciclada. Esses elementos combinam-se para criar um ambiente natural ideal para o beb\u00e9.<br \/>\nAl\u00e9m disso, inclui colch\u00e3o viscoel\u00e1stico SoftFresh que se adapta \u00e0 forma do beb\u00e9, evita o risco de plagiocefalia e \u00e9 termoregulador gra\u00e7as \u00e0 incorpora\u00e7\u00e3o de part\u00edculas de &#8220;grafeno&#8221;, concebidas para absorver e dissipar o calor. Da mesma forma, o seu tecido proporcioanm respirabilidade e a sua espuma microperfurada ajuda a prevenir riscos de asfixia, garantindo assim um ambiente seguro para descanso saud\u00e1vel do beb\u00e9.<\/p>\n<p><strong>Confe\u00e7\u00e3o Tr\u00eas camadas<\/strong><\/p>\n<p>Integra diferentes materiais naturais que proporcionam um \u00f3timo isolamento t\u00e9rmico e ac\u00fastico, ideal para o bem-estar do rec\u00e9m-nascido.<\/p>\n<p><strong>Encosto reclin\u00e1vel\u00a0<\/strong><\/p>\n<p>O interior da alcofa possui um encosto reclin\u00e1vel em 3 posi\u00e7\u00f5es, que ajuda a prevenir o risco de asfixia e facilita a digest\u00e3o do beb\u00e9.<\/p>\n<p><strong>fixa\u00e7\u00e3o EASYLOCK<\/strong><\/p>\n<p>Facilidade de fixa\u00e7\u00e3o ao chassis com um simples &#8220;click&#8221;, fixa em 2 pontos e apoio em 4 pontos para evitar oscila\u00e7\u00f5es e vibra\u00e7\u00f5es que podem interferir no correto desenvoltimento do beb\u00e9.<\/p>\n<p><strong>Alcofa ampla\u00a0<\/strong><\/p>\n<p><strong>Viseira regul\u00e1vel\u00a0<\/strong><\/p>\n<p>Para modificar a posi\u00e7\u00e3o de acordo com orienta\u00e7\u00e3o do sol, assegurando que o beb\u00e9 fica sempre resguardado.<\/p>\n<p><strong>Janela em rede<\/strong><\/p>\n<p>Para uma melhor ventila\u00e7\u00e3o.<\/p>\n<p><strong>Pega integrada na capota.\u00a0<\/strong><\/p>\n<p><strong>CADEIRA AUTO EASYMAXI XLi<\/strong><\/p>\n<div class=\"vc_row wpb_row vc_row-fluid\" data-vc-full-width=\"true\" data-vc-full-width-init=\"true\">\n<div class=\"wpb_column vc_column_container vc_col-sm-12 text-left overflow-initial\">\n<div class=\"vc_column-inner\">\n<div class=\"wpb_wrapper\">\n<div class=\"wpb_text_column wpb_content_element\">\n<div class=\"wpb_wrapper\">\n<p>Para a m\u00e1xima seguran\u00e7a do beb\u00e9, a B\u00e9b\u00e9car coloca \u00e0 sua disposi\u00e7\u00e3o\u00a0a cadeira auto Easymaxi XL-i (0-13kg). Esta cadeira\u00a0auto pode ser adaptado a qualquer um dos chassis B\u00e9b\u00e9car atrav\u00e9s de um sistema que permite a sua fixa\u00e7\u00e3o direta com um s\u00f3 movimento.<\/p>\n<p>A cadeira\u00a0auto Easymaxi XL-i foi desenhado para uma f\u00e1cil adapta\u00e7\u00e3o ao autom\u00f3vel utilizando os cintos de seguran\u00e7a normalizados, n\u00e3o sendo necess\u00e1ria nenhuma base adicional.<\/p>\n<p>Permite aceder ao beb\u00e9 sem necessidade de libertar o cinto do autom\u00f3vel, uma vez que este passa pela parte inferior do assento auto.<\/p>\n<p>A vers\u00e3o\u00a0XL-i\u00a0est\u00e1 equipada com um redutor extra (amov\u00edvel) para uma adpta\u00e7\u00e3o perfeita ao rec\u00e9m nascido.<\/p>\n<p>Todos as cadeira\u00a0auto Easymaxi possuem:<br \/>\n\u2022 Capota ajust\u00e1vel e amov\u00edvel confecionada em tecido com \u00edndice de prote\u00e7\u00e3o solar\u00a0UPF50+.<br \/>\n\u2022 Sistema de prote\u00e7\u00e3o \u201cSide Impact\u201d nos seus amplos laterais para garantir uma \u00f3ptima prote\u00e7\u00e3o em caso de impacto lateral.<\/p>\n<p>O assento auto Easymaxi XL-i est\u00e1 dispon\u00edvel nas Magic e Specials, apenas por encomenda.<\/p>\n<\/div>\n<\/div>\n<\/div>\n<\/div>\n<\/div>\n<\/div>\n<div class=\"vc_row wpb_row vc_row-fluid vc_row-o-equal-height vc_row-o-content-middle vc_row-flex\">\n<div class=\"wpb_column vc_column_container vc_col-sm-6 vc_col-lg-5 vc_col-md-6 vc_col-xs-12 text-left overflow-initial\">\n<div class=\"vc_column-inner\">\n<div class=\"wpb_wrapper\">\n<div class=\"wpb_text_column wpb_content_element\">\n<div class=\"wpb_wrapper\">\n<p class=\"h5 before-title-primary fw-6 c-heading\"><strong>Reclin\u00e1vel<\/strong><\/p>\n<p class=\"pl-5\">Easymaxi XL-i\u00a0est\u00e1 equipado com um novo sistema que permite reclinar o encosto do assento da posi\u00e7\u00e3o sentado para deitado.<br \/>\nPara deitar basta puxar o revestimento do assento para fora at\u00e9 que este encaixe na posi\u00e7\u00e3o.<br \/>\nPara voltar \u00e0 posi\u00e7\u00e3o sentado, puxa-se o revestimento para fora e levanta-se ligeiramente fazendo o mesmo deslizar para a posi\u00e7\u00e3o original.<\/p>\n<\/div>\n<\/div>\n<\/div>\n<\/div>\n<\/div>\n<\/div>\n<div class=\"vc_row wpb_row vc_row-fluid vc_row-o-equal-height vc_row-o-content-middle vc_row-flex\">\n<div class=\"wpb_column vc_column_container vc_col-sm-6 vc_col-lg-offset-1 vc_col-lg-5 vc_col-md-offset-0 vc_col-md-6 vc_col-sm-offset-0 vc_col-xs-12 text-left overflow-initial\">\n<div class=\"vc_column-inner\">\n<div class=\"wpb_wrapper\">\n<div class=\"wpb_text_column wpb_content_element\">\n<div class=\"wpb_wrapper\">\n<p class=\"h5 after-title fw-6 c-heading\"><strong>Seguro<\/strong><\/p>\n<p class=\"pr-5\">Compat\u00edvel com a almofada inteligente B\u00e9b\u00e9Watch.<\/p>\n<\/div>\n<\/div>\n<\/div>\n<\/div>\n<\/div>\n<\/div>\n<div class=\"vc_row wpb_row vc_row-fluid vc_row-o-equal-height vc_row-o-content-middle vc_row-flex\">\n<div class=\"wpb_column vc_column_container vc_col-sm-6 vc_col-lg-5 vc_col-md-6 vc_col-xs-12 text-left overflow-initial\">\n<div class=\"vc_column-inner\">\n<div class=\"wpb_wrapper\">\n<div class=\"wpb_text_column wpb_content_element\">\n<div class=\"wpb_wrapper\">\n<p class=\"h5 before-title-primary fw-6 c-heading\"><strong>Pr\u00e1tico<\/strong><\/p>\n<p class=\"pl-5\">O assento auto\u00a0Easymaxi XL-i\u00a0est\u00e1 equipado com uma pega rebat\u00edvel para que possa aceder facilmente ao beb\u00e9. Incorpora cintos ajust\u00e1veis com 3 pontos de fixa\u00e7\u00e3o para garantir um perfeito ajuste ao beb\u00e9 e a sua m\u00e1xima seguran\u00e7a. Permite tamb\u00e9m ser utilizado como assento de baloi\u00e7o ou para alimentar comodamente o beb\u00e9, uma vez que a sua base pode ser regulada em 2 posi\u00e7\u00f5es.<\/p>\n<p class=\"pl-5\">Peso aproximado: 4.8 kg.<\/p>\n<\/div>\n<\/div>\n<\/div>\n<\/div>\n<\/div>\n<\/div>\n<div class=\"vc_row wpb_row vc_row-fluid vc_row-o-equal-height vc_row-o-content-middle vc_row-flex\">\n<div class=\"wpb_column vc_column_container vc_col-sm-6 vc_col-lg-offset-1 vc_col-lg-5 vc_col-md-offset-0 vc_col-md-6 vc_col-sm-offset-0 vc_col-xs-12 text-left overflow-initial\">\n<div class=\"vc_column-inner\">\n<div class=\"wpb_wrapper\">\n<div class=\"wpb_text_column wpb_content_element\">\n<div class=\"wpb_wrapper\">\n<p class=\"h5 after-title fw-6 c-heading\"><strong>Conforto supremo<\/strong><\/p>\n<p class=\"pr-5\">O assento auto Easymaxi XL-i est\u00e1 equipado com um redutor extra (amov\u00edvel) para uma adapta\u00e7\u00e3o perfeita ao rec\u00e9m-nascido.<\/p>\n<\/div>\n<\/div>\n<\/div>\n<\/div>\n<\/div>\n<\/div>\n<div class=\"vc_row wpb_row vc_row-fluid vc_row-o-equal-height vc_row-o-content-middle vc_row-flex\">\n<div class=\"wpb_column vc_column_container vc_col-sm-6 vc_col-lg-5 vc_col-md-6 vc_col-xs-12 text-left overflow-initial\">\n<div class=\"vc_column-inner\">\n<div class=\"wpb_wrapper\">\n<div class=\"wpb_text_column wpb_content_element\">\n<div class=\"wpb_wrapper\">\n<p class=\"h5 before-title-primary fw-6 c-heading\"><strong>Fresco<\/strong><\/p>\n<p class=\"pl-5\">O assento auto Easymaxi XL-i tem uma janela exclusiva em rede na capota para maior ventila\u00e7\u00e3o.<\/p>\n<\/div>\n<\/div>\n<\/div>\n<\/div>\n<\/div>\n<\/div>\n<div class=\"vc_row wpb_row vc_row-fluid vc_row-o-equal-height vc_row-o-content-middle vc_row-flex\">\n<div class=\"wpb_column vc_column_container vc_col-sm-6 vc_col-lg-offset-1 vc_col-lg-5 vc_col-md-offset-0 vc_col-md-6 vc_col-sm-offset-0 vc_col-xs-12 text-left overflow-initial\">\n<div class=\"vc_column-inner\">\n<div class=\"wpb_wrapper\">\n<div class=\"wpb_text_column wpb_content_element\">\n<div class=\"wpb_wrapper\">\n<p class=\"h5 after-title fw-6 c-heading\"><strong>Adapt\u00e1vel<\/strong><\/p>\n<p class=\"pr-5\">Adapta-se ao crescimento do beb\u00e9. Incorpora um redutor para o rec\u00e9m nascido, que posteriormente pode ser removido para proporcionar mais espa\u00e7o ao beb\u00e9 no habit\u00e1culo interior.<\/p>\n<\/div>\n<\/div>\n<\/div>\n<\/div>\n<\/div>\n<\/div>\n<div class=\"vc_row wpb_row vc_row-fluid vc_row-o-equal-height vc_row-o-content-middle vc_row-flex\">\n<div class=\"wpb_column vc_column_container vc_col-sm-6 vc_col-lg-5 vc_col-md-6 vc_col-xs-12 text-left overflow-initial\">\n<div class=\"vc_column-inner\">\n<div class=\"wpb_wrapper\">\n<div class=\"wpb_text_column wpb_content_element\">\n<div class=\"wpb_wrapper\">\n<p class=\"h5 before-title-primary fw-6 c-heading\"><strong>F\u00e1cil de transportar<\/strong><\/p>\n<p class=\"pl-5\">A pega facilita o transporte e permite levar o beb\u00e9 comodamente a qualquer lugar. \u00c9 rebat\u00edvel para que se possa aceder comodamente ao beb\u00e9.<\/p>\n<\/div>\n<\/div>\n<\/div>\n<\/div>\n<\/div>\n<\/div>\n<div class=\"vc_row wpb_row vc_row-fluid vc_row-o-equal-height vc_row-o-content-middle vc_row-flex\">\n<div class=\"wpb_column vc_column_container vc_col-sm-6 vc_col-lg-offset-1 vc_col-lg-5 vc_col-md-offset-0 vc_col-md-6 vc_col-sm-offset-0 vc_col-xs-12 text-left overflow-initial\">\n<div class=\"vc_column-inner\">\n<div class=\"wpb_wrapper\">\n<div class=\"wpb_text_column wpb_content_element\">\n<div class=\"wpb_wrapper\">\n<p class=\"h5 after-title fw-6 c-heading\"><strong>Espa\u00e7oso<\/strong><\/p>\n<p class=\"pr-5\">O assento auto possui um compartimento na parte traseira, para guardar pequenos objetos.<\/p>\n<\/div>\n<\/div>\n<\/div>\n<\/div>\n<\/div>\n<\/div>\n<div class=\"vc_row wpb_row vc_row-fluid vc_row-o-equal-height vc_row-o-content-middle vc_row-flex\">\n<div class=\"wpb_column vc_column_container vc_col-sm-6 vc_col-lg-5 vc_col-md-6 vc_col-xs-12 text-left overflow-initial\">\n<div class=\"vc_column-inner\">\n<div class=\"wpb_wrapper\">\n<div class=\"wpb_text_column wpb_content_element\">\n<div class=\"wpb_wrapper\">\n<p class=\"h5 before-title-primary fw-6 c-heading\"><strong>C\u00f3modo<\/strong><\/p>\n<p class=\"pl-5\">Para retirar o assento auto do chassis basta pressionar o man\u00edpulo situado na parte traseira da sua base.<\/p>\n<\/div>\n<\/div>\n<\/div>\n<\/div>\n<\/div>\n<\/div>\n<div class=\"vc_row wpb_row vc_row-fluid vc_row-o-equal-height vc_row-o-content-middle vc_row-flex\">\n<div class=\"wpb_column vc_column_container vc_col-sm-6 vc_col-lg-offset-1 vc_col-lg-5 vc_col-md-offset-0 vc_col-md-6 vc_col-sm-offset-0 vc_col-xs-12 text-left overflow-initial\">\n<div class=\"vc_column-inner\">\n<div class=\"wpb_wrapper\">\n<div class=\"wpb_text_column wpb_content_element\">\n<div class=\"wpb_wrapper\">\n<p class=\"h5 after-title fw-6 c-heading\"><strong>Seguro<\/strong><\/p>\n<p class=\"pr-5\">Cintos de seguran\u00e7a ajust\u00e1veis com 3 pontos de fixa\u00e7\u00e3o. Disp\u00f5e de protetores nos ombros e entrepernas para proteger as articula\u00e7\u00f5es e p\u00e9lvis do beb\u00e9 do movimento dos cintos.<\/p>\n<\/div>\n<\/div>\n<\/div>\n<\/div>\n<\/div>\n<\/div>\n<div class=\"vc_row wpb_row vc_row-fluid vc_row-o-equal-height vc_row-o-content-middle vc_row-flex\">\n<div class=\"wpb_column vc_column_container vc_col-sm-6 vc_col-lg-5 vc_col-md-6 vc_col-xs-12 text-left overflow-initial\">\n<div class=\"vc_column-inner\">\n<div class=\"wpb_wrapper\">\n<div class=\"wpb_text_column wpb_content_element\">\n<div class=\"wpb_wrapper\">\n<p class=\"h5 before-title-primary fw-6 c-heading\"><strong>Conveniente<\/strong><\/p>\n<p class=\"pl-5\">Permite aceder comodamente ao beb\u00e9 sem necessidade de libertar o cinto do autom\u00f3vel, uma vez que este passa pela parte inferior do assento auto.<\/p>\n<p class=\"pl-5\">Quando se utiliza no autom\u00f3vel com o cinto de seguran\u00e7a, a base deve estar na posi\u00e7\u00e3o fixa.<\/p>\n<\/div>\n<\/div>\n<\/div>\n<\/div>\n<\/div>\n<\/div>\n<div class=\"vc_row wpb_row vc_row-fluid vc_row-o-equal-height vc_row-o-content-middle vc_row-flex\">\n<div class=\"wpb_column vc_column_container vc_col-sm-6 vc_col-lg-offset-1 vc_col-lg-5 vc_col-md-offset-0 vc_col-md-6 vc_col-sm-offset-0 vc_col-xs-12 text-left overflow-initial\">\n<div class=\"vc_column-inner\">\n<div class=\"wpb_wrapper\">\n<div class=\"wpb_text_column wpb_content_element\">\n<div class=\"wpb_wrapper\">\n<p class=\"h5 after-title fw-6 c-heading\"><strong>Flex\u00edvel<\/strong><\/p>\n<p class=\"pr-5\">O assento auto Easymaxi pode ser fixo diretamente ao ve\u00edculo com o cinto de seguran\u00e7a. No entanto, para ajudar no dia-a-dia, a B\u00e9b\u00e9car desenvolveu a Easymaxi Base, dispon\u00edvel em 3 vers\u00f5es, que se podem manter fixas no autom\u00f3vel, facilitando ainda mais a instala\u00e7\u00e3o do assento auto no ve\u00edculo.<\/p>\n<\/div>\n<\/div>\n<\/div>\n<\/div>\n<\/div>\n<\/div>","protected":false},"featured_media":3164,"comment_status":"closed","ping_status":"closed","template":"","meta":[],"product_brand":[],"product_cat":[201],"product_tag":[],"class_list":{"0":"post-3162","1":"product","2":"type-product","3":"status-publish","4":"has-post-thumbnail","6":"product_cat-carrinhos-de-bebe","8":"first","9":"instock","10":"sold-individually","11":"taxable","12":"shipping-taxable","13":"purchasable","14":"product-type-variable"},"_links":{"self":[{"href":"https:\/\/bambinos.pt\/en\/wp-json\/wp\/v2\/product\/3162","targetHints":{"allow":["GET"]}}],"collection":[{"href":"https:\/\/bambinos.pt\/en\/wp-json\/wp\/v2\/product"}],"about":[{"href":"https:\/\/bambinos.pt\/en\/wp-json\/wp\/v2\/types\/product"}],"replies":[{"embeddable":true,"href":"https:\/\/bambinos.pt\/en\/wp-json\/wp\/v2\/comments?post=3162"}],"wp:featuredmedia":[{"embeddable":true,"href":"https:\/\/bambinos.pt\/en\/wp-json\/wp\/v2\/media\/3164"}],"wp:attachment":[{"href":"https:\/\/bambinos.pt\/en\/wp-json\/wp\/v2\/media?parent=3162"}],"wp:term":[{"taxonomy":"product_brand","embeddable":true,"href":"https:\/\/bambinos.pt\/en\/wp-json\/wp\/v2\/product_brand?post=3162"},{"taxonomy":"product_cat","embeddable":true,"href":"https:\/\/bambinos.pt\/en\/wp-json\/wp\/v2\/product_cat?post=3162"},{"taxonomy":"product_tag","embeddable":true,"href":"https:\/\/bambinos.pt\/en\/wp-json\/wp\/v2\/product_tag?post=3162"}],"curies":[{"name":"wp","href":"https:\/\/api.w.org\/{rel}","templated":true}]}}